{"id":387625,"date":"2024-10-24T14:09:34","date_gmt":"2024-10-24T14:09:34","guid":{"rendered":"https:\/\/lugarquitectos.com\/?page_id=387625"},"modified":"2024-10-30T17:40:07","modified_gmt":"2024-10-30T17:40:07","slug":"quienes-somos","status":"publish","type":"page","link":"https:\/\/lugarquitectos.com\/en\/quienes-somos\/","title":{"rendered":"Qui\u00e9nes somos"},"content":{"rendered":"<p>[et_pb_section fb_built=\u00bb1&#8243; admin_label=\u00bbOHeader V10 &#8211; Olena &#8211; BG Image size:1500x1270px\u00bb module_id=\u00bbv10&#8243; module_class=\u00bbolena_header_v10&#8243; _builder_version=\u00bb4.27.2&#8243; _module_preset=\u00bbdefault\u00bb background_enable_color=\u00bboff\u00bb background_image=\u00bbhttps:\/\/lugarquitectos.com\/wp-content\/uploads\/2024\/10\/Mosaico-fondo.jpg\u00bb background_blend=\u00bbmultiply\u00bb custom_padding=\u00bb0px||0px||false|false\u00bb animation_style=\u00bbslide\u00bb animation_direction=\u00bbtop\u00bb custom_css_before=\u00bbcontent: %22%22;||display: block;||width: 8%;||height: 150px;||background-color: #000;\u00bb collapsed=\u00bboff\u00bb global_colors_info=\u00bb{}\u00bb custom_css_before_last_edited=\u00bbon|tablet\u00bb custom_css_before_tablet=\u00bbcontent: %22%22;||display: block;||width: 13%;||height: 100px;||background-color: #000;\u00bb custom_css_before_phone=\u00bbdisplay: none;\u00bb][et_pb_row admin_label=\u00bbOHeader V10 &#8211; Olena &#8211; Row\u00bb _builder_version=\u00bb4.27.2&#8243; _module_preset=\u00bbdefault\u00bb z_index=\u00bb20&#8243; width=\u00bb90%\u00bb max_width=\u00bb1170px\u00bb custom_padding=\u00bb0px||5px||false|false\u00bb global_colors_info=\u00bb{}\u00bb custom_margin=\u00bb44px|auto||auto||\u00bb][et_pb_column type=\u00bb4_4&#8243; _builder_version=\u00bb4.27.2&#8243; _module_preset=\u00bbdefault\u00bb custom_css_main_element=\u00bbwidth: 65% !important;\u00bb global_colors_info=\u00bb{}\u00bb custom_css_main_element_last_edited=\u00bbon|phone\u00bb custom_css_main_element_phone=\u00bbwidth: 100% !important;\u00bb custom_css_main_element_tablet=\u00bbwidth: 65% !important;\u00bb][et_pb_cta title=\u00bbQui\u00e9nes somos\u00bb admin_label=\u00bbOHeader V10 &#8211; Olena &#8211; Call To Action &#8211; We create beautiful products that tell stories\u00bb _builder_version=\u00bb4.27.2&#8243; _module_preset=\u00bbdefault\u00bb header_font=\u00bb|700||on|||||\u00bb header_text_align=\u00bbleft\u00bb header_text_color=\u00bb#000000&#8243; header_font_size=\u00bb55px\u00bb header_line_height=\u00bb120%\u00bb body_font=\u00bbRosario||||||||\u00bb body_text_color=\u00bb#000000&#8243; body_font_size=\u00bb16px\u00bb body_line_height=\u00bb170%\u00bb background_enable_color=\u00bboff\u00bb use_background_color=\u00bboff\u00bb text_orientation=\u00bbleft\u00bb custom_margin=\u00bb||0px||false|false\u00bb custom_margin_tablet=\u00bb||40px||false|false\u00bb custom_margin_phone=\u00bb40px||40px||true|false\u00bb custom_margin_last_edited=\u00bbon|tablet\u00bb header_font_size_tablet=\u00bb40px\u00bb header_font_size_phone=\u00bb30px\u00bb header_font_size_last_edited=\u00bbon|tablet\u00bb custom_css_promo_description=\u00bbpadding-bottom: 0;||font-weight: 400;\u00bb custom_css_promo_title=\u00bbpadding-bottom: 20px;\u00bb global_colors_info=\u00bb{}\u00bb][\/et_pb_cta][\/et_pb_column][\/et_pb_row][\/et_pb_section][et_pb_section fb_built=\u00bb1&#8243; use_custom_gutter=\u00bbon\u00bb gutter_width=\u00bb2&#8243; specialty=\u00bbon\u00bb custom_padding_last_edited=\u00bbon|desktop\u00bb padding_1_tablet=\u00bb0px||||false|false\u00bb padding_1_last_edited=\u00bboff|desktop\u00bb admin_label=\u00bbCasper Content &#8211; Ragnar\u00bb module_id=\u00bbQuienessomos\u00bb module_class=\u00bbragnar_content_casper\u00bb _builder_version=\u00bb4.27.2&#8243; _module_preset=\u00bbdefault\u00bb inner_width=\u00bb90%\u00bb inner_max_width=\u00bb1170px\u00bb custom_padding=\u00bb90px||||false|false\u00bb custom_padding_tablet=\u00bb60px||||false|false\u00bb custom_padding_phone=\u00bb30px||||false|false\u00bb collapsed=\u00bboff\u00bb global_colors_info=\u00bb{}\u00bb][et_pb_column type=\u00bb1_2&#8243; _builder_version=\u00bb4.16&#8243; custom_padding=\u00bb|||\u00bb global_colors_info=\u00bb{}\u00bb custom_padding__hover=\u00bb|||\u00bb][et_pb_text admin_label=\u00bbCasper Content &#8211; Ragnar &#8211; Text &#8211; Providing innovative designs\u00bb _builder_version=\u00bb4.27.2&#8243; _module_preset=\u00bbdefault\u00bb text_text_color=\u00bb#000000&#8243; text_font_size=\u00bb16px\u00bb text_line_height=\u00bb120%\u00bb custom_margin=\u00bb||26px||false|false\u00bb custom_css_main_element=\u00bbfont-weight:400;||position:relative;||display:flex;\u00bb custom_css_after=\u00bbcontent:%22%22;||display:block;||width:100px;||height:1px;||background:#989b9f;||position:relative;||top:10px;||margin-left:15px;||\/*transform:translate(0,-50%);*\/||visibility:visible;\u00bb global_colors_info=\u00bb{}\u00bb]<\/p>\n<p>LUG<strong>ARQUITECTOS<\/strong><\/p>\n<p>[\/et_pb_text][et_pb_text admin_label=\u00bbRut Blurbs &#8211; Ragnar &#8211; Text\u00bb _builder_version=\u00bb4.27.2&#8243; _module_preset=\u00bbdefault\u00bb text_font=\u00bb|700|||||||\u00bb text_text_color=\u00bb#FFFFFF\u00bb text_font_size=\u00bb32px\u00bb text_line_height=\u00bb145%\u00bb header_2_font=\u00bb|||on|||||\u00bb header_2_text_color=\u00bb#FFFFFF\u00bb header_2_font_size=\u00bb34px\u00bb background_color=\u00bb#000000&#8243; custom_padding=\u00bb20px|20px|20px|20px|true|true\u00bb text_font_size_tablet=\u00bb24px\u00bb text_font_size_phone=\u00bb20px\u00bb text_font_size_last_edited=\u00bbon|phone\u00bb custom_css_main_element=\u00bbfont-weight:400;||||\u00bb global_colors_info=\u00bb{}\u00bb]<\/p>\n<h2>Carlos Balaguer <strong>Arquitecto<\/strong><\/h2>\n<p>[\/et_pb_text][et_pb_cta admin_label=\u00bbCasper Content &#8211; Ragnar &#8211; Call To Action &#8211; A whole different kind of designing\u00bb _builder_version=\u00bb4.27.2&#8243; _module_preset=\u00bbdefault\u00bb header_font=\u00bb||on|on|||||\u00bb header_text_color=\u00bb#191b1d\u00bb header_font_size=\u00bb22px\u00bb header_line_height=\u00bb120%\u00bb body_text_color=\u00bb#726a6a\u00bb body_font_size=\u00bb16px\u00bb body_line_height=\u00bb150%\u00bb background_enable_color=\u00bboff\u00bb text_orientation=\u00bbleft\u00bb max_width=\u00bb90%\u00bb max_width_tablet=\u00bb420px\u00bb max_width_phone=\u00bb100%\u00bb max_width_last_edited=\u00bbon|phone\u00bb custom_margin=\u00bb||40px||false|false\u00bb custom_margin_tablet=\u00bb||20px||false|false\u00bb custom_margin_phone=\u00bb||75px||false|false\u00bb custom_margin_last_edited=\u00bbon|tablet\u00bb custom_padding=\u00bb0px|0px|0px|0px|false|true\u00bb header_font_size_tablet=\u00bb20px\u00bb header_font_size_phone=\u00bb18px\u00bb header_font_size_last_edited=\u00bbon|phone\u00bb custom_css_promo_description=\u00bbpadding-bottom:0 !important;\u00bb custom_css_promo_title=\u00bbpadding-bottom:18px !important;\u00bb global_colors_info=\u00bb{}\u00bb]<\/p>\n<p><span style=\"font-weight: 400;\">Arquitecto por la Universidad Polit\u00e9cnica de Madrid, concretamente por la Escuela T\u00e9cnica Superior de Arquitectura de Madrid (ETSAM), vuelvo a Almer\u00eda para comenzar a ejercer la profesi\u00f3n hace ahora aproximadamente 20 a\u00f1os para aplicar sobre el terreno todo lo aprendido, en especial todo lo que se refiere a la redacci\u00f3n de proyectos de todo tipo utilizando la metodolog\u00eda de esta Universidad, reconocida internacionalmente por la calidad en cuanto a la \u201cideaci\u00f3n arquitect\u00f3nica\u201d y en general por su metodolog\u00eda de las din\u00e1micas proyectuales.\u00a0<\/span><\/p>\n<p><span style=\"font-weight: 400;\">Especializado adem\u00e1s en todo lo relacionado con la valoraci\u00f3n inmobiliaria, tasaciones hipotecarias y Project Monitoring. En esto \u00faltimo (Project Monitoring),\u00a0 con una experiencia ya de casi 10 a\u00f1os, habiendo sido de los primeros profesionales en la provincia en aplicar esta disciplina en el control de las promociones. Estos trabajos se realizan en colaboraci\u00f3n con empresas nacionales homologadas por el Banco de Espa\u00f1a.<\/span><\/p>\n<p><span style=\"font-weight: 400;\">Son ya 20 a\u00f1os colaborando con las mejores empresas y profesionales del sector en Almer\u00eda para lograr el objetivo de poner en pie proyectos arquitect\u00f3nicos con los mayores est\u00e1ndares de calidad, belleza, eficiencia y sostenibilidad.<\/span><\/p>\n<p>[\/et_pb_cta][\/et_pb_column][et_pb_column type=\u00bb1_2&#8243; specialty_columns=\u00bb2&#8243; _builder_version=\u00bb4.16&#8243; custom_padding=\u00bb|||\u00bb global_colors_info=\u00bb{}\u00bb custom_padding__hover=\u00bb|||\u00bb][et_pb_row_inner column_structure=\u00bb1_2,1_2&#8243; use_custom_gutter=\u00bbon\u00bb gutter_width=\u00bb2&#8243; admin_label=\u00bbCasper Content &#8211; Ragnar &#8211; Row\u00bb _builder_version=\u00bb4.27.2&#8243; _module_preset=\u00bbdefault\u00bb custom_padding=\u00bb80px||20px||false|false\u00bb custom_css_main_element=\u00bbdisplay:flex;\u00bb global_colors_info=\u00bb{}\u00bb][et_pb_column_inner type=\u00bb1_2&#8243; saved_specialty_column_type=\u00bb1_2&#8243; _builder_version=\u00bb4.16&#8243; _module_preset=\u00bbdefault\u00bb custom_css_main_element=\u00bbwidth:50.5% !important;||margin-right:3% !important;||margin-bottom:0 !important;\u00bb global_colors_info=\u00bb{}\u00bb][et_pb_image src=\u00bbhttps:\/\/lugarquitectos.com\/wp-content\/uploads\/2024\/10\/Casa-Garcilla-9.jpg\u00bb title_text=\u00bbCasa Garcilla (9)\u00bb align=\u00bbright\u00bb admin_label=\u00bbCasper Content &#8211; Ragnar &#8211; Image &#8211; Image size:235x235px\u00bb _builder_version=\u00bb4.27.2&#8243; _module_preset=\u00bbdefault\u00bb positioning=\u00bbabsolute\u00bb position_origin_a=\u00bbbottom_right\u00bb position_origin_a_tablet=\u00bb\u00bb position_origin_a_phone=\u00bb\u00bb position_origin_a_last_edited=\u00bbon|desktop\u00bb position_origin_f_tablet=\u00bb\u00bb position_origin_f_phone=\u00bb\u00bb position_origin_f_last_edited=\u00bbon|desktop\u00bb position_origin_r_tablet=\u00bb\u00bb position_origin_r_phone=\u00bb\u00bb position_origin_r_last_edited=\u00bbon|desktop\u00bb width=\u00bb60%\u00bb positioning_tablet=\u00bb\u00bb positioning_phone=\u00bbabsolute\u00bb positioning_last_edited=\u00bbon|desktop\u00bb custom_css_before=\u00bb background: transparent;|| background-image: radial-gradient(#d6d7d9 2px, transparent 0);|| background-size: 15px 15px;|| background-position: 0 0;|| content: \u00bb;|| position: absolute;|| top: -80px;|| left: 64px;|| width: 180px;|| height: 180px;|| z-index: -1;\u00bb box_shadow_style=\u00bbpreset1&#8243; box_shadow_vertical=\u00bb5px\u00bb box_shadow_blur=\u00bb70px\u00bb box_shadow_color=\u00bbrgba(38,42,76,0.1)\u00bb global_colors_info=\u00bb{}\u00bb custom_css_before_last_edited=\u00bbon|phone\u00bb custom_css_before_tablet=\u00bb background: transparent;|| background-image: radial-gradient(#d6d7d9 2px, transparent 0);|| background-size: 15px 15px;|| background-position: 0 0;|| content: \u00bb;|| position: absolute;|| top: -23px;|| left: 64px;|| width: 180px;|| height: 180px;|| z-index: -1;\u00bb custom_css_before_phone=\u00bb background: transparent;|| background-image: radial-gradient(#d6d7d9 2px, transparent 0);|| background-size: 15px 15px;|| background-position: 0 0;|| content: \u00bb;|| position: absolute;|| top: -23px;|| left: 64px;|| width: 180px;|| height: 180px;|| z-index: -1;\u00bb][\/et_pb_image][\/et_pb_column_inner][et_pb_column_inner type=\u00bb1_2&#8243; saved_specialty_column_type=\u00bb1_2&#8243; _builder_version=\u00bb4.16&#8243; _module_preset=\u00bbdefault\u00bb custom_css_main_element=\u00bbwidth:46.5% !important;||\u00bb global_colors_info=\u00bb{}\u00bb custom_css_main_element_last_edited=\u00bboff|phone\u00bb][et_pb_image src=\u00bbhttps:\/\/lugarquitectos.com\/wp-content\/uploads\/2024\/10\/2023-10-16-10.06.32-2.jpg\u00bb title_text=\u00bbQuienes somos\u00bb align=\u00bbright\u00bb admin_label=\u00bbCasper Content &#8211; Ragnar &#8211; Image &#8211; Image size:315x350px\u00bb _builder_version=\u00bb4.27.2&#8243; _module_preset=\u00bbdefault\u00bb box_shadow_style=\u00bbpreset1&#8243; box_shadow_vertical=\u00bb5px\u00bb box_shadow_blur=\u00bb70px\u00bb box_shadow_color=\u00bbrgba(38,42,76,0.1)\u00bb global_colors_info=\u00bb{}\u00bb][\/et_pb_image][\/et_pb_column_inner][\/et_pb_row_inner][et_pb_row_inner column_structure=\u00bb1_2,1_2&#8243; use_custom_gutter=\u00bbon\u00bb gutter_width=\u00bb2&#8243; _builder_version=\u00bb4.16&#8243; _module_preset=\u00bbdefault\u00bb custom_padding=\u00bb0px||30px||false|false\u00bb custom_css_main_element=\u00bbdisplay:flex;\u00bb global_colors_info=\u00bb{}\u00bb][et_pb_column_inner type=\u00bb1_2&#8243; saved_specialty_column_type=\u00bb1_2&#8243; _builder_version=\u00bb4.16&#8243; _module_preset=\u00bbdefault\u00bb custom_css_main_element=\u00bbwidth:55% !important;||margin-right:3% !important;||margin-bottom:0 !important;\u00bb global_colors_info=\u00bb{}\u00bb][et_pb_image src=\u00bbhttps:\/\/lugarquitectos.com\/wp-content\/uploads\/2024\/10\/Casa-Coruna-1.jpg\u00bb title_text=\u00bbCasa Coru\u00f1a (1)\u00bb align=\u00bbright\u00bb admin_label=\u00bbCasper Content &#8211; Ragnar &#8211; Image &#8211; Image size:377x355px\u00bb _builder_version=\u00bb4.27.2&#8243; _module_preset=\u00bbdefault\u00bb position_origin_a=\u00bbbottom_right\u00bb position_origin_a_last_edited=\u00bboff|desktop\u00bb position_origin_f_last_edited=\u00bboff|desktop\u00bb position_origin_r_last_edited=\u00bboff|desktop\u00bb width=\u00bb100%\u00bb positioning_phone=\u00bbnone\u00bb positioning_last_edited=\u00bboff|desktop\u00bb box_shadow_style=\u00bbpreset1&#8243; box_shadow_vertical=\u00bb5px\u00bb box_shadow_blur=\u00bb70px\u00bb box_shadow_color=\u00bbrgba(38,42,76,0.1)\u00bb global_colors_info=\u00bb{}\u00bb][\/et_pb_image][\/et_pb_column_inner][et_pb_column_inner type=\u00bb1_2&#8243; saved_specialty_column_type=\u00bb1_2&#8243; _builder_version=\u00bb4.16&#8243; _module_preset=\u00bbdefault\u00bb custom_css_main_element=\u00bbwidth:42% !important;||\u00bb global_colors_info=\u00bb{}\u00bb custom_css_main_element_last_edited=\u00bboff|phone\u00bb][et_pb_image src=\u00bbhttps:\/\/lugarquitectos.com\/wp-content\/uploads\/2024\/10\/Casa-Garcilla-11.jpg\u00bb title_text=\u00bbCasa Garcilla (11)\u00bb align=\u00bbright\u00bb admin_label=\u00bbCasper Content &#8211; Ragnar &#8211; Image &#8211; Image size:284x403px\u00bb _builder_version=\u00bb4.27.2&#8243; _module_preset=\u00bbdefault\u00bb box_shadow_style=\u00bbpreset1&#8243; box_shadow_vertical=\u00bb5px\u00bb box_shadow_blur=\u00bb70px\u00bb box_shadow_color=\u00bbrgba(38,42,76,0.1)\u00bb global_colors_info=\u00bb{}\u00bb][\/et_pb_image][\/et_pb_column_inner][\/et_pb_row_inner][\/et_pb_column][\/et_pb_section][et_pb_section fb_built=\u00bb1&#8243; custom_padding_last_edited=\u00bbon|desktop\u00bb admin_label=\u00bbRut Blurbs &#8211; Ragnar\u00bb _builder_version=\u00bb4.27.2&#8243; _module_preset=\u00bbdefault\u00bb background_color=\u00bb#191b1d\u00bb background_image=\u00bbhttps:\/\/lugarquitectos.com\/wp-content\/uploads\/2024\/10\/Mosaico-fondo.jpg\u00bb background_blend=\u00bboverlay\u00bb background_enable_mask_style=\u00bbon\u00bb background_mask_style=\u00bbdiagonal-bars\u00bb background_mask_color=\u00bbrgba(0,0,0,0.27)\u00bb background_mask_transform=\u00bbflip_vertical|invert\u00bb custom_padding=\u00bb110px||110px||true|false\u00bb custom_padding_tablet=\u00bb60px||0px||false|false\u00bb custom_padding_phone=\u00bb30px||0px||false|false\u00bb animation_style=\u00bbslide\u00bb animation_direction=\u00bbleft\u00bb animation_speed_curve=\u00bbease\u00bb global_module=\u00bb387638&#8243; saved_tabs=\u00bball\u00bb locked=\u00bboff\u00bb collapsed=\u00bboff\u00bb global_colors_info=\u00bb{}\u00bb][et_pb_row column_structure=\u00bb1_2,1_2&#8243; use_custom_gutter=\u00bbon\u00bb gutter_width=\u00bb2&#8243; custom_padding_last_edited=\u00bbon|desktop\u00bb admin_label=\u00bbRut Blurbs &#8211; Ragnar &#8211; Row\u00bb _builder_version=\u00bb4.27.2&#8243; _module_preset=\u00bbdefault\u00bb width=\u00bb90%\u00bb max_width=\u00bb1170px\u00bb custom_padding=\u00bb||35px||false|false\u00bb custom_padding_tablet=\u00bb||30px||false|false\u00bb custom_padding_phone=\u00bb\u00bb custom_css_main_element=\u00bbdisplay:flex;\u00bb global_colors_info=\u00bb{}\u00bb custom_css_main_element_last_edited=\u00bbon|phone\u00bb custom_css_main_element_phone=\u00bbdisplay:block;\u00bb custom_css_main_element_tablet=\u00bbdisplay:flex;\u00bb][et_pb_column type=\u00bb1_2&#8243; _builder_version=\u00bb4.16&#8243; _module_preset=\u00bbdefault\u00bb global_colors_info=\u00bb{}\u00bb][et_pb_text admin_label=\u00bbRut Blurbs &#8211; Ragnar &#8211; Text\u00bb _builder_version=\u00bb4.27.2&#8243; _module_preset=\u00bbdefault\u00bb text_font=\u00bb|700|||||||\u00bb text_text_color=\u00bb#FFFFFF\u00bb text_font_size=\u00bb32px\u00bb text_line_height=\u00bb145%\u00bb header_2_font=\u00bb|700||on|||||\u00bb header_2_text_color=\u00bb#FFFFFF\u00bb header_2_font_size=\u00bb34px\u00bb custom_margin=\u00bb||0px||false|false\u00bb text_font_size_tablet=\u00bb24px\u00bb text_font_size_phone=\u00bb20px\u00bb text_font_size_last_edited=\u00bbon|phone\u00bb custom_css_main_element=\u00bbfont-weight:400;||||\u00bb global_colors_info=\u00bb{}\u00bb]<\/p>\n<h2>Cu\u00e9ntanos tu proyecto<\/h2>\n<p>[\/et_pb_text][et_pb_text admin_label=\u00bbRut Blurbs &#8211; Ragnar &#8211; Text\u00bb _builder_version=\u00bb4.27.2&#8243; _module_preset=\u00bbdefault\u00bb text_font=\u00bb|700|||||||\u00bb text_text_color=\u00bb#FFFFFF\u00bb text_font_size=\u00bb32px\u00bb text_line_height=\u00bb145%\u00bb header_2_font=\u00bb|700||on|||||\u00bb header_2_text_color=\u00bb#000000&#8243; header_2_font_size=\u00bb34px\u00bb background_color=\u00bb#FFFFFF\u00bb custom_padding=\u00bb10px|10px|5px|10px|false|false\u00bb text_font_size_tablet=\u00bb24px\u00bb text_font_size_phone=\u00bb20px\u00bb text_font_size_last_edited=\u00bbon|phone\u00bb custom_css_main_element=\u00bbfont-weight:400;||||\u00bb box_shadow_style=\u00bbpreset4&#8243; global_colors_info=\u00bb{}\u00bb]<\/p>\n<h2><strong>Damos forma a tus ideas.<\/strong><\/h2>\n<p>[\/et_pb_text][et_pb_button button_url=\u00bb#contacto2&#8243; button_text=\u00bbCont\u00e1ctanos\u00bb _builder_version=\u00bb4.27.2&#8243; _module_preset=\u00bbdefault\u00bb custom_button=\u00bbon\u00bb button_text_size=\u00bb16px\u00bb button_text_color=\u00bb#FFFFFF\u00bb button_bg_color=\u00bb#191b1d\u00bb button_border_color=\u00bb#191b1d\u00bb button_border_radius=\u00bb0px\u00bb button_font=\u00bb|||on|||||\u00bb button_use_icon=\u00bboff\u00bb global_colors_info=\u00bb{}\u00bb button_text_color__hover=\u00bb#191b1d\u00bb button_text_color__hover_enabled=\u00bbon|hover\u00bb button_bg_color__hover=\u00bb#b7babe\u00bb button_bg_color__hover_enabled=\u00bbon|hover\u00bb button_custom_padding_tablet=\u00bb|25px||25px|false|true\u00bb button_custom_padding_last_edited=\u00bbon|tablet\u00bb button_custom_padding_phone=\u00bb|25px||25px|false|true\u00bb][\/et_pb_button][\/et_pb_column][et_pb_column type=\u00bb1_2&#8243; _builder_version=\u00bb4.16&#8243; _module_preset=\u00bbdefault\u00bb custom_css_main_element=\u00bbdisplay:flex;\u00bb global_colors_info=\u00bb{}\u00bb][\/et_pb_column][\/et_pb_row][\/et_pb_section]<\/p>","protected":false},"excerpt":{"rendered":"<p>LUGARQUITECTOSCarlos Balaguer ArquitectoArquitecto por la Universidad Polit\u00e9cnica de Madrid, concretamente por la Escuela T\u00e9cnica Superior de Arquitectura de Madrid (ETSAM), vuelvo a Almer\u00eda para comenzar a ejercer la profesi\u00f3n hace ahora aproximadamente 20 a\u00f1os para aplicar sobre el terreno todo lo aprendido, en especial todo lo que se refiere a la redacci\u00f3n de proyectos de [&hellip;]<\/p>","protected":false},"author":2,"featured_media":0,"parent":0,"menu_order":0,"comment_status":"closed","ping_status":"closed","template":"","meta":{"_et_pb_use_builder":"on","_et_pb_old_content":"","_et_gb_content_width":"","footnotes":""},"class_list":["post-387625","page","type-page","status-publish","hentry"],"yoast_head":"<!-- This site is optimized with the Yoast SEO plugin v24.1 - https:\/\/yoast.com\/wordpress\/plugins\/seo\/ -->\n<title>Qui\u00e9nes somos - LugARquitectos<\/title>\n<meta name=\"robots\" content=\"index, follow, max-snippet:-1, max-image-preview:large, max-video-preview:-1\" \/>\n<link rel=\"canonical\" href=\"https:\/\/lugarquitectos.com\/en\/quienes-somos\/\" \/>\n<meta property=\"og:locale\" content=\"en_GB\" \/>\n<meta property=\"og:type\" content=\"article\" \/>\n<meta property=\"og:title\" content=\"Qui\u00e9nes somos - LugARquitectos\" \/>\n<meta property=\"og:description\" content=\"Give your dreams a shape of reality Lorem ipsum dolor sit amet, con sectetuer adipiscing elit. Donec odio. Quisque volutpat mattis eros. Lorem ipsum dolor sit amet, con sectetuer adipiscing elit. Donec odio. Quisque volutpat mattis eros. Lorem ipsum dolor sit amet, con sectetuer adipiscing elit. Donec odio. Quisque volutpat mattis eros. Providing innovative designs [&hellip;]\" \/>\n<meta property=\"og:url\" content=\"https:\/\/lugarquitectos.com\/en\/quienes-somos\/\" \/>\n<meta property=\"og:site_name\" content=\"LugARquitectos\" \/>\n<meta property=\"article:modified_time\" content=\"2024-10-30T17:40:07+00:00\" \/>\n<meta name=\"twitter:card\" content=\"summary_large_image\" \/>\n<meta name=\"twitter:label1\" content=\"Estimated reading time\" \/>\n\t<meta name=\"twitter:data1\" content=\"10 minutes\" \/>\n<script type=\"application\/ld+json\" class=\"yoast-schema-graph\">{\"@context\":\"https:\/\/schema.org\",\"@graph\":[{\"@type\":\"WebPage\",\"@id\":\"https:\/\/lugarquitectos.com\/quienes-somos\/\",\"url\":\"https:\/\/lugarquitectos.com\/quienes-somos\/\",\"name\":\"Qui\u00e9nes somos - LugARquitectos\",\"isPartOf\":{\"@id\":\"https:\/\/lugarquitectos.com\/#website\"},\"datePublished\":\"2024-10-24T14:09:34+00:00\",\"dateModified\":\"2024-10-30T17:40:07+00:00\",\"breadcrumb\":{\"@id\":\"https:\/\/lugarquitectos.com\/quienes-somos\/#breadcrumb\"},\"inLanguage\":\"en-GB\",\"potentialAction\":[{\"@type\":\"ReadAction\",\"target\":[\"https:\/\/lugarquitectos.com\/quienes-somos\/\"]}]},{\"@type\":\"BreadcrumbList\",\"@id\":\"https:\/\/lugarquitectos.com\/quienes-somos\/#breadcrumb\",\"itemListElement\":[{\"@type\":\"ListItem\",\"position\":1,\"name\":\"Home\",\"item\":\"https:\/\/lugarquitectos.com\/\"},{\"@type\":\"ListItem\",\"position\":2,\"name\":\"Qui\u00e9nes somos\"}]},{\"@type\":\"WebSite\",\"@id\":\"https:\/\/lugarquitectos.com\/#website\",\"url\":\"https:\/\/lugarquitectos.com\/\",\"name\":\"Lugarquitectos\",\"description\":\"Arquitectura y Urbanismo en El Ejido\",\"publisher\":{\"@id\":\"https:\/\/lugarquitectos.com\/#organization\"},\"potentialAction\":[{\"@type\":\"SearchAction\",\"target\":{\"@type\":\"EntryPoint\",\"urlTemplate\":\"https:\/\/lugarquitectos.com\/?s={search_term_string}\"},\"query-input\":{\"@type\":\"PropertyValueSpecification\",\"valueRequired\":true,\"valueName\":\"search_term_string\"}}],\"inLanguage\":\"en-GB\"},{\"@type\":\"Organization\",\"@id\":\"https:\/\/lugarquitectos.com\/#organization\",\"name\":\"Lugarquitectos\",\"url\":\"https:\/\/lugarquitectos.com\/\",\"logo\":{\"@type\":\"ImageObject\",\"inLanguage\":\"en-GB\",\"@id\":\"https:\/\/lugarquitectos.com\/#\/schema\/logo\/image\/\",\"url\":\"https:\/\/lugarquitectos.com\/wp-content\/uploads\/2024\/10\/cropped-Logo-LUGAR.jpg\",\"contentUrl\":\"https:\/\/lugarquitectos.com\/wp-content\/uploads\/2024\/10\/cropped-Logo-LUGAR.jpg\",\"width\":512,\"height\":512,\"caption\":\"Lugarquitectos\"},\"image\":{\"@id\":\"https:\/\/lugarquitectos.com\/#\/schema\/logo\/image\/\"}}]}<\/script>\n<!-- \/ Yoast SEO plugin. -->","yoast_head_json":{"title":"Qui\u00e9nes somos - LugARquitectos","robots":{"index":"index","follow":"follow","max-snippet":"max-snippet:-1","max-image-preview":"max-image-preview:large","max-video-preview":"max-video-preview:-1"},"canonical":"https:\/\/lugarquitectos.com\/en\/quienes-somos\/","og_locale":"en_GB","og_type":"article","og_title":"Qui\u00e9nes somos - LugARquitectos","og_description":"Give your dreams a shape of reality Lorem ipsum dolor sit amet, con sectetuer adipiscing elit. Donec odio. Quisque volutpat mattis eros. Lorem ipsum dolor sit amet, con sectetuer adipiscing elit. Donec odio. Quisque volutpat mattis eros. Lorem ipsum dolor sit amet, con sectetuer adipiscing elit. Donec odio. Quisque volutpat mattis eros. Providing innovative designs [&hellip;]","og_url":"https:\/\/lugarquitectos.com\/en\/quienes-somos\/","og_site_name":"LugARquitectos","article_modified_time":"2024-10-30T17:40:07+00:00","twitter_card":"summary_large_image","twitter_misc":{"Estimated reading time":"10 minutes"},"schema":{"@context":"https:\/\/schema.org","@graph":[{"@type":"WebPage","@id":"https:\/\/lugarquitectos.com\/quienes-somos\/","url":"https:\/\/lugarquitectos.com\/quienes-somos\/","name":"Qui\u00e9nes somos - LugARquitectos","isPartOf":{"@id":"https:\/\/lugarquitectos.com\/#website"},"datePublished":"2024-10-24T14:09:34+00:00","dateModified":"2024-10-30T17:40:07+00:00","breadcrumb":{"@id":"https:\/\/lugarquitectos.com\/quienes-somos\/#breadcrumb"},"inLanguage":"en-GB","potentialAction":[{"@type":"ReadAction","target":["https:\/\/lugarquitectos.com\/quienes-somos\/"]}]},{"@type":"BreadcrumbList","@id":"https:\/\/lugarquitectos.com\/quienes-somos\/#breadcrumb","itemListElement":[{"@type":"ListItem","position":1,"name":"Home","item":"https:\/\/lugarquitectos.com\/"},{"@type":"ListItem","position":2,"name":"Qui\u00e9nes somos"}]},{"@type":"WebSite","@id":"https:\/\/lugarquitectos.com\/#website","url":"https:\/\/lugarquitectos.com\/","name":"Lugarquitectos","description":"Arquitectura y Urbanismo en El Ejido","publisher":{"@id":"https:\/\/lugarquitectos.com\/#organization"},"potentialAction":[{"@type":"SearchAction","target":{"@type":"EntryPoint","urlTemplate":"https:\/\/lugarquitectos.com\/?s={search_term_string}"},"query-input":{"@type":"PropertyValueSpecification","valueRequired":true,"valueName":"search_term_string"}}],"inLanguage":"en-GB"},{"@type":"Organization","@id":"https:\/\/lugarquitectos.com\/#organization","name":"Lugarquitectos","url":"https:\/\/lugarquitectos.com\/","logo":{"@type":"ImageObject","inLanguage":"en-GB","@id":"https:\/\/lugarquitectos.com\/#\/schema\/logo\/image\/","url":"https:\/\/lugarquitectos.com\/wp-content\/uploads\/2024\/10\/cropped-Logo-LUGAR.jpg","contentUrl":"https:\/\/lugarquitectos.com\/wp-content\/uploads\/2024\/10\/cropped-Logo-LUGAR.jpg","width":512,"height":512,"caption":"Lugarquitectos"},"image":{"@id":"https:\/\/lugarquitectos.com\/#\/schema\/logo\/image\/"}}]}},"_links":{"self":[{"href":"https:\/\/lugarquitectos.com\/en\/wp-json\/wp\/v2\/pages\/387625","targetHints":{"allow":["GET"]}}],"collection":[{"href":"https:\/\/lugarquitectos.com\/en\/wp-json\/wp\/v2\/pages"}],"about":[{"href":"https:\/\/lugarquitectos.com\/en\/wp-json\/wp\/v2\/types\/page"}],"author":[{"embeddable":true,"href":"https:\/\/lugarquitectos.com\/en\/wp-json\/wp\/v2\/users\/2"}],"replies":[{"embeddable":true,"href":"https:\/\/lugarquitectos.com\/en\/wp-json\/wp\/v2\/comments?post=387625"}],"version-history":[{"count":15,"href":"https:\/\/lugarquitectos.com\/en\/wp-json\/wp\/v2\/pages\/387625\/revisions"}],"predecessor-version":[{"id":387696,"href":"https:\/\/lugarquitectos.com\/en\/wp-json\/wp\/v2\/pages\/387625\/revisions\/387696"}],"wp:attachment":[{"href":"https:\/\/lugarquitectos.com\/en\/wp-json\/wp\/v2\/media?parent=387625"}],"curies":[{"name":"wp","href":"https:\/\/api.w.org\/{rel}","templated":true}]}}